{"id":1858,"date":"2023-08-07T17:12:47","date_gmt":"2023-08-07T15:12:47","guid":{"rendered":"https:\/\/www.noresbilverkstad.se\/?page_id=1858"},"modified":"2023-08-13T18:45:33","modified_gmt":"2023-08-13T16:45:33","slug":"blog-posts","status":"publish","type":"page","link":"https:\/\/www.noresbilverkstad.se\/?page_id=1858","title":{"rendered":"Blog posts"},"content":{"rendered":"\n  \n    \n    <section class=\"u-align-center u-clearfix u-palette-1-light-1 u-section-2\" id=\"sec-e076\">\n      <div class=\"u-clearfix u-sheet u-valign-middle u-sheet-1\">\n        <div class=\"u-border-1 u-border-custom-color-14 u-container-style u-custom-color-5 u-expanded-width u-group u-radius-5 u-shape-round u-group-1\">\n          <div class=\"u-container-layout u-container-layout-1\">\n            <h1 class=\"u-text u-text-body-color u-text-1\">Nyheter<\/h1>\n            <div class=\"u-blog u-pagination-center u-blog-1 u-hidden-visibility\"  data-max-items=\"6\">\n              <div class=\"u-repeater u-repeater-1\">\n                <div class=\"u-blog-post u-container-style u-repeater-item\">\n                  <div class=\"u-container-layout u-similar-container u-valign-top-lg u-valign-top-md u-valign-top-xl u-container-layout-2\"><a class=\"u-blog-control u-image u-image-round u-radius-5 u-image-1\" href=\"https:\/\/www.noresbilverkstad.se\/?p=1440\">\n                    <img decoding=\"async\" alt=\"\" class=\"u-blog-control u-image u-image-round u-radius-5 u-image-1\" src=\"https:\/\/www.noresbilverkstad.se\/wp-content\/uploads\/2021\/06\/outback_my21_1m4a7211-1024x654.jpg\"><\/a>\n                    <div class=\"u-border-1 u-border-custom-color-15 u-container-style u-group u-palette-1-light-3 u-radius-5 u-shape-round u-group-2\">\n                      <div class=\"u-container-layout u-container-layout-3\">\n                        <h4 class=\"u-blog-control u-text u-text-body-color u-text-2\">\n                          <a class=\"u-post-header-link\" href=\"https:\/\/www.noresbilverkstad.se\/?p=1440\">Semesterinfo<\/a>\n                        <\/h4>\n                        <div class=\"u-blog-control u-post-content u-text u-text-3\"><p>\n\n\n\n\nSnart semestertider!\n\n\n\nVi har nu planerat in v\u00e5r semester f\u00f6r i \u00e5r. Och vi har valt att st\u00e4nga verkstaden helt i 4 veckor som vi brukar. &hellip;<\/p>\n                        <\/div>\n                        <a href=\"https:\/\/www.noresbilverkstad.se\/?p=1440\" class=\"u-active-white u-blog-control u-border-2 u-border-active-custom-color-15 u-border-custom-color-15 u-border-hover-custom-color-15 u-btn u-button-style u-custom-color-13 u-hover-custom-color-16 u-text-active-custom-color-13 u-text-hover-white u-text-white u-btn-1\">L\u00e4s mer<\/a>\n                      <\/div>\n                    <\/div>\n                  <\/div>\n                <\/div>\n                <div class=\"u-blog-post u-container-style u-repeater-item\">\n                  <div class=\"u-container-layout u-similar-container u-valign-top-lg u-valign-top-md u-valign-top-xl u-container-layout-4\"><a class=\"u-blog-control u-image u-image-round u-radius-5 u-image-2\" href=\"https:\/\/www.noresbilverkstad.se\/?p=1416\">\n                    <img decoding=\"async\" alt=\"\" class=\"u-blog-control u-image u-image-round u-radius-5 u-image-2\" src=\"https:\/\/www.noresbilverkstad.se\/wp-content\/uploads\/2020\/06\/SubaruXV_MY16_ext_16.jpg\"><\/a>\n                    <div class=\"u-border-1 u-border-custom-color-15 u-container-style u-group u-palette-1-light-3 u-radius-5 u-shape-round u-group-3\">\n                      <div class=\"u-container-layout u-container-layout-5\">\n                        <h4 class=\"u-blog-control u-text u-text-body-color u-text-4\">\n                          <a class=\"u-post-header-link\" href=\"https:\/\/www.noresbilverkstad.se\/?p=1416\">Information inf\u00f6r ditt bes\u00f6k<\/a>\n                        <\/h4>\n                        <div class=\"u-blog-control u-post-content u-text u-text-5\"><p>Med anledning av fortsatt spridning av Covid-19 och den nya pandemilagen som tr\u00e4dde i kraft 10 Januari 2021 som dels innebar att det m\u00e5ste vara &hellip;<\/p>\n                        <\/div>\n                        <a href=\"https:\/\/www.noresbilverkstad.se\/?p=1416\" class=\"u-active-white u-blog-control u-border-2 u-border-active-custom-color-15 u-border-custom-color-15 u-border-hover-custom-color-15 u-btn u-button-style u-custom-color-13 u-hover-custom-color-16 u-text-active-custom-color-13 u-text-hover-white u-text-white u-btn-2\">L\u00e4s mer<\/a>\n                      <\/div>\n                    <\/div>\n                  <\/div>\n                <\/div>\n                <div class=\"u-blog-post u-container-style u-repeater-item u-video-cover u-repeater-item-3\">\n                  <div class=\"u-container-layout u-similar-container u-valign-top-lg u-valign-top-md u-valign-top-xl u-container-layout-6\"><a class=\"u-blog-control u-image u-image-round u-radius-5 u-image-3\" href=\"https:\/\/www.noresbilverkstad.se\/?p=1361\">\n                    <img decoding=\"async\" alt=\"\" class=\"u-blog-control u-image u-image-round u-radius-5 u-image-3\" src=\"https:\/\/www.noresbilverkstad.se\/wp-content\/uploads\/2015\/10\/nores.jpg\"><\/a>\n                    <div class=\"u-border-1 u-border-custom-color-15 u-container-style u-group u-palette-1-light-3 u-radius-5 u-shape-round u-group-4\">\n                      <div class=\"u-container-layout u-container-layout-7\">\n                        <h4 class=\"u-blog-control u-text u-text-body-color u-text-6\">\n                          <a class=\"u-post-header-link\" href=\"https:\/\/www.noresbilverkstad.se\/?p=1361\">Startmotorer & Generatorer<\/a>\n                        <\/h4>\n                        <div class=\"u-blog-control u-post-content u-text u-text-7\"><p>\r\n\r\nProblem med din generator eller startmotor? D\u00e5 kan vi hj\u00e4lpa dig! Ronnie &amp; Peter har m\u00e5nga \u00e5rs erfarenheter och kan snabbt hj\u00e4lpa till vid &hellip;<\/p>\n                        <\/div>\n                        <a href=\"https:\/\/www.noresbilverkstad.se\/?p=1361\" class=\"u-active-white u-blog-control u-border-2 u-border-active-custom-color-15 u-border-custom-color-15 u-border-hover-custom-color-15 u-btn u-button-style u-custom-color-13 u-hover-custom-color-16 u-text-active-custom-color-13 u-text-hover-white u-text-white u-btn-3\">L\u00e4s mer<\/a>\n                      <\/div>\n                    <\/div>\n                  <\/div>\n                <\/div>\n                <div class=\"u-blog-post u-container-style u-repeater-item u-video-cover u-repeater-item-4\">\n                  <div class=\"u-container-layout u-similar-container u-valign-top-lg u-valign-top-md u-valign-top-xl u-container-layout-8\"><a class=\"u-blog-control u-image u-image-round u-radius-5 u-image-4\" href=\"https:\/\/www.noresbilverkstad.se\/?p=1326\">\n                    <img decoding=\"async\" alt=\"\" class=\"u-blog-control u-image u-image-round u-radius-5 u-image-4\" src=\"https:\/\/www.noresbilverkstad.se\/wp-content\/uploads\/2020\/06\/forbes_900.jpg\" style=\"background-image: url(&quot;https:\/\/www.noresbilverkstad.se\/wp-content\/uploads\/2020\/06\/forbes_900.jpg&quot;);\"><\/a>\n                    <div class=\"u-border-1 u-border-custom-color-15 u-container-style u-group u-palette-1-light-3 u-radius-5 u-shape-round u-group-5\">\n                      <div class=\"u-container-layout u-container-layout-9\">\n                        <h4 class=\"u-blog-control u-text u-text-body-color u-text-8\">\n                          <a class=\"u-post-header-link\" href=\"https:\/\/www.noresbilverkstad.se\/?p=1326\">Kampanj Subaru<\/a>\n                        <\/h4>\n                        <div class=\"u-blog-control u-post-content u-text u-text-9\"><p>&nbsp;\r\nKostnadsfri f\u00f6rbesiktning\r\nom din Subaru \u00e4r yngre \u00e4n 10 \u00e5r.\r\n\r\n\r\n&nbsp;\r\n\r\n&nbsp;<\/p>\n                        <\/div>\n                        <a href=\"https:\/\/www.noresbilverkstad.se\/?p=1326\" class=\"u-active-white u-blog-control u-border-2 u-border-active-custom-color-15 u-border-custom-color-15 u-border-hover-custom-color-15 u-btn u-button-style u-custom-color-13 u-hover-custom-color-16 u-text-active-custom-color-13 u-text-hover-white u-text-white u-btn-4\">L\u00e4s mer<\/a>\n                      <\/div>\n                    <\/div>\n                  <\/div>\n                <\/div>\n                <div class=\"u-blog-post u-container-style u-repeater-item u-video-cover u-repeater-item-5\">\n                  <div class=\"u-container-layout u-similar-container u-valign-top-lg u-valign-top-md u-valign-top-xl u-container-layout-10\"><a class=\"u-blog-control u-image u-image-round u-radius-5 u-image-5\" href=\"https:\/\/www.noresbilverkstad.se\/?p=1299\">\n                    <img decoding=\"async\" alt=\"Nores Bilverkstad\" class=\"u-blog-control u-image u-image-round u-radius-5 u-image-5\" src=\"https:\/\/www.noresbilverkstad.se\/wp-content\/uploads\/2014\/04\/nores_logga_2.jpg\" style=\"background-image: url(&quot;https:\/\/www.noresbilverkstad.se\/wp-content\/uploads\/2014\/04\/nores_logga_2.jpg&quot;);\"><\/a>\n                    <div class=\"u-border-1 u-border-custom-color-15 u-container-style u-group u-palette-1-light-3 u-radius-5 u-shape-round u-group-6\">\n                      <div class=\"u-container-layout u-container-layout-11\">\n                        <h4 class=\"u-blog-control u-text u-text-body-color u-text-10\">\n                          <a class=\"u-post-header-link\" href=\"https:\/\/www.noresbilverkstad.se\/?p=1299\">Covid-19<\/a>\n                        <\/h4>\n                        <div class=\"u-blog-control u-post-content u-text u-text-11\"><p>Med anledning av Covid-19 vidtar vi flera \u00e5tg\u00e4rder f\u00f6r att f\u00f6rebygga smittspridning.\r\n\r\n \tAlla anst\u00e4llda \u00e4r inf\u00f6rst\u00e5dda med att vid symptom stannar &hellip;<\/p>\n                        <\/div>\n                        <a href=\"https:\/\/www.noresbilverkstad.se\/?p=1299\" class=\"u-active-white u-blog-control u-border-2 u-border-active-custom-color-15 u-border-custom-color-15 u-border-hover-custom-color-15 u-btn u-button-style u-custom-color-13 u-hover-custom-color-16 u-text-active-custom-color-13 u-text-hover-white u-text-white u-btn-5\">L\u00e4s mer<\/a>\n                      <\/div>\n                    <\/div>\n                  <\/div>\n                <\/div>\n                <div class=\"u-blog-post u-container-style u-repeater-item u-video-cover u-repeater-item-6\">\n                  <div class=\"u-container-layout u-similar-container u-valign-top-lg u-valign-top-md u-valign-top-xl u-container-layout-12\"><a class=\"u-blog-control u-image u-image-round u-radius-5 u-image-6\" href=\"https:\/\/www.noresbilverkstad.se\/?p=1294\">\n                    <img decoding=\"async\" alt=\"\" class=\"u-blog-control u-image u-image-round u-radius-5 u-image-6\" src=\"https:\/\/www.noresbilverkstad.se\/wp-content\/uploads\/2014\/12\/type-r.jpg\" style=\"background-image: url(&quot;https:\/\/www.noresbilverkstad.se\/wp-content\/uploads\/2014\/12\/type-r.jpg&quot;);\"><\/a>\n                    <div class=\"u-border-1 u-border-custom-color-15 u-container-style u-group u-palette-1-light-3 u-radius-5 u-shape-round u-group-7\">\n                      <div class=\"u-container-layout u-container-layout-13\">\n                        <h4 class=\"u-blog-control u-text u-text-body-color u-text-12\">\n                          <a class=\"u-post-header-link\" href=\"https:\/\/www.noresbilverkstad.se\/?p=1294\">Boka tid nu - semestern \u00e4r snart h\u00e4r!<\/a>\n                        <\/h4>\n                        <div class=\"u-blog-control u-post-content u-text u-text-13\"><p>\r\nSnart semestertider!\r\n&nbsp;\r\nVi har nu planerat in v\u00e5r semester f\u00f6r i \u00e5r. Och vi har valt att st\u00e4nga verkstaden helt i 4 veckor som vi brukar. &hellip;<\/p>\n                        <\/div>\n                        <a href=\"https:\/\/www.noresbilverkstad.se\/?p=1294\" class=\"u-active-white u-blog-control u-border-2 u-border-active-custom-color-15 u-border-custom-color-15 u-border-hover-custom-color-15 u-btn u-button-style u-custom-color-13 u-hover-custom-color-16 u-text-active-custom-color-13 u-text-hover-white u-text-white u-btn-6\">L\u00e4s mer<\/a>\n                      <\/div>\n                    <\/div>\n                  <\/div>\n                <\/div>\n              <\/div>\n              <div class=\"has-pagination u-list-control\"><ul style=\"\" class=\"responsive-style1 u-pagination u-spacing-0 u-unstyled u-pagination-1\"><li style=\"\" class=\"u-nav-item u-pagination-item active\"><span aria-current=\"page\" style=\"padding: 16px\" class=\"u-button-style u-nav-link u-text-palette-1-base\">1<\/span><\/li><li style=\"\" class=\"u-nav-item u-pagination-item\"><a style=\"padding: 16px\" class=\"u-button-style u-nav-link u-text-palette-1-base\" href=\"https:\/\/www.noresbilverkstad.se\/index.php?rest_route=%2Fwp%2Fv2%2Fpages%2F1858&#038;paged=2\">2<\/a><\/li><li style=\"\" class=\"u-nav-item u-pagination-item\"><span style=\"padding: 16px\" class=\"u-button-style u-nav-link u-text-palette-1-base\">&hellip;<\/span><\/li><li style=\"\" class=\"u-nav-item u-pagination-item\"><a style=\"padding: 16px\" class=\"u-button-style u-nav-link u-text-palette-1-base\" href=\"https:\/\/www.noresbilverkstad.se\/index.php?rest_route=%2Fwp%2Fv2%2Fpages%2F1858&#038;paged=7\">7<\/a><\/li><li style=\"\" class=\"u-nav-item u-pagination-item\"><a style=\"padding: 16px\" class=\"u-button-style u-nav-link u-text-palette-1-base\" href=\"https:\/\/www.noresbilverkstad.se\/index.php?rest_route=%2Fwp%2Fv2%2Fpages%2F1858&#038;paged=2\">&#x3009;<\/a><\/li><\/ul>\n              <\/div>\n            <\/div>\n          <\/div>\n        <\/div>\n      <\/div>\n    <\/section>\n    \n    \n    \n  \n<!-- AddThis Advanced Settings generic via filter on the_content --><!-- AddThis Share Buttons generic via filter on the_content -->","protected":false},"excerpt":{"rendered":"<p>Nyheter Semesterinfo Snart semestertider! Vi har nu planerat in v\u00e5r semester f\u00f6r i \u00e5r. Och vi har valt att st\u00e4nga verkstaden helt i 4 veckor som vi brukar. &hellip; L\u00e4s mer Information inf\u00f6r ditt bes\u00f6k Med anledning av fortsatt spridning av Covid-19 och den nya pandemilagen som tr\u00e4dde i kraft 10 Januari 2021 som dels &hellip; <a href=\"https:\/\/www.noresbilverkstad.se\/?page_id=1858\" class=\"more-link\">Continue reading<span class=\"screen-reader-text\"> &#8221;Blog posts&#8221;<\/span><\/a><!-- AddThis Advanced Settings generic via filter on wp_trim_excerpt --><!-- AddThis Share Buttons generic via filter on wp_trim_excerpt --><\/p>\n","protected":false},"author":1,"featured_media":0,"parent":0,"menu_order":0,"comment_status":"closed","ping_status":"closed","template":"","meta":{"footnotes":""},"class_list":["post-1858","page","type-page","status-publish","hentry"],"_links":{"self":[{"href":"https:\/\/www.noresbilverkstad.se\/index.php?rest_route=\/wp\/v2\/pages\/1858","targetHints":{"allow":["GET"]}}],"collection":[{"href":"https:\/\/www.noresbilverkstad.se\/index.php?rest_route=\/wp\/v2\/pages"}],"about":[{"href":"https:\/\/www.noresbilverkstad.se\/index.php?rest_route=\/wp\/v2\/types\/page"}],"author":[{"embeddable":true,"href":"https:\/\/www.noresbilverkstad.se\/index.php?rest_route=\/wp\/v2\/users\/1"}],"replies":[{"embeddable":true,"href":"https:\/\/www.noresbilverkstad.se\/index.php?rest_route=%2Fwp%2Fv2%2Fcomments&post=1858"}],"version-history":[{"count":14,"href":"https:\/\/www.noresbilverkstad.se\/index.php?rest_route=\/wp\/v2\/pages\/1858\/revisions"}],"predecessor-version":[{"id":2006,"href":"https:\/\/www.noresbilverkstad.se\/index.php?rest_route=\/wp\/v2\/pages\/1858\/revisions\/2006"}],"wp:attachment":[{"href":"https:\/\/www.noresbilverkstad.se\/index.php?rest_route=%2Fwp%2Fv2%2Fmedia&parent=1858"}],"curies":[{"name":"wp","href":"https:\/\/api.w.org\/{rel}","templated":true}]}}