{"id":1719,"date":"2023-07-30T15:07:18","date_gmt":"2023-07-30T13:07:18","guid":{"rendered":"https:\/\/www.noresbilverkstad.se\/?page_id=1719"},"modified":"2023-08-14T12:53:17","modified_gmt":"2023-08-14T10:53:17","slug":"historik","status":"publish","type":"page","link":"https:\/\/www.noresbilverkstad.se\/?page_id=1719","title":{"rendered":"Historik"},"content":{"rendered":"\n  \n    \n    <section class=\"u-clearfix u-lightbox u-palette-1-light-1 u-section-2\" id=\"sec-8afa\">\n      <div class=\"u-clearfix u-sheet u-valign-middle-xs u-sheet-1\">\n        <div class=\"u-clearfix u-expanded-width u-layout-wrap u-palette-1-light-3 u-layout-wrap-1\">\n          <div class=\"u-layout\">\n            <div class=\"u-layout-row\">\n              <div class=\"u-container-style u-custom-color-5 u-layout-cell u-radius-5 u-shape-round u-size-60 u-layout-cell-1\">\n                <div class=\"u-border-1 u-border-custom-color-3 u-container-layout u-container-layout-1\">\n                  <img decoding=\"async\" class=\"u-border-1 u-border-custom-color-3 u-image u-image-default u-image-1\" src=\"https:\/\/www.noresbilverkstad.se\/wp-content\/uploads\/2023\/08\/montage.jpg\" alt=\"\" data-image-width=\"900\" data-image-height=\"2000\" data-lang-sv=\"\">\n                  <div class=\"fr-view u-clearfix u-rich-text u-text u-text-1\" data-lang-sv=\"<h1>Sample Headline<\/h1><p>Sample text. Click to select the text box. Click again or double click to start editing the text.<\/p>\">\n                    <h1>\n                      <span class=\"u-custom-font\" style=\"font-family: Allura; font-size: 4.5rem;\">\n                        <span class=\"u-text-body-color\">F\u00f6retagets tidslinje<\/span>\n                      <\/span>\n                    <\/h1>\n                    <ul>\n                      <li>\n                        <span style=\"font-weight: 700;\">1969<\/span>\n                        <br>F\u00f6retaget startades av Nore, med BMW-service som huvudverksamhet, fick under \u00e5ret f\u00f6rfr\u00e5gan om service p\u00e5 (ett p\u00e5 den tiden ganska ok\u00e4nt bilm\u00e4rke) TOYOTA, och blev d\u00e4rmed en av de allra f\u00f6rsta seviceverkst\u00e4derna i Sverige f\u00f6r japanska bilar.\n                      <\/li>\n                      <li>\n                        <span style=\"font-weight: 700;\">1970<\/span>\n                        <br>Flyttade till Skalbanksv\u00e4gen 6 E.\n                      <\/li>\n                      <li>\n                        <span style=\"font-weight: 700;\">1972<\/span>\n                        <br>Bengt kom in som del\u00e4gare.\n                      <\/li>\n                      <li>\n                        <span style=\"font-weight: 700;\">1973<\/span>\n                        <br>Lokalytan dubblas.\n                      <\/li>\n                      <li>\n                        <span style=\"font-weight: 700;\">1977<\/span>\n                        <br>Dajna b\u00f6rjar i f\u00f6retaget.\n                      <\/li>\n                      <li>\n                        <span style=\"font-weight: 700;\">1995<\/span>\n                        <br>Aukt. HONDA-service.\n                      <\/li>\n                      <li>\n                        <span style=\"font-weight: 700;\">1998<\/span>\n                        <br>Aukt.SUBARU, DAIHATSU, SsangYong och DAEWOO-service.\n                      <\/li>\n                      <li>\n                        <span style=\"font-weight: 700;\">2000<\/span>\n                        <br>F\u00f6retaget \u00f6vertogs av Ronnie och verksamheten ut\u00f6kades med bil- och b\u00e5tv\u00e4rmarservice och bilelektronik.\n                      <\/li>\n                      <li>\n                        <span style=\"font-weight: 700;\">2002<\/span>\n                        <br>Peter b\u00f6rjar i f\u00f6retaget.\n                      <\/li>\n                      <li>\n                        <span style=\"font-weight: 700;\">2006<\/span>\n                        <br>Flyttade till Skalbanksv\u00e4gen 6 A.\n                      <\/li>\n                      <li>\n                        <span style=\"font-weight: 700;\">2007<\/span>\n                        <br>Emma b\u00f6rjar i f\u00f6retaget.\n                      <\/li>\n                      <li>\n                        <span style=\"font-weight: 700;\">2010<\/span>\n                        <br>Blev \u00e5terf\u00f6rs\u00e4ljare av Ebersp\u00e4cher bil- och b\u00e5tv\u00e4rmarservice.\n                      <\/li>\n                      <li>\n                        <span style=\"font-weight: 700;\">2013<\/span>\n                        <br>P\u00e5b\u00f6rjat arbete med milj\u00f6diplomering.<br>Utv\u00e4ndig renovering av fastighet.\n                      <\/li>\n                      <li>\n                        <span style=\"font-weight: 700;\">2015<\/span>\n                        <br>Stefan b\u00f6rjar i f\u00f6retaget.\n                      <\/li>\n                      <li>\n                        <span style=\"font-weight: 700;\">2019<\/span>\n                        <br>F\u00f6retaget \u00f6vertas av Peter.\n                      <\/li>\n                    <\/ul>\n                  <\/div>\n                <\/div>\n              <\/div>\n            <\/div>\n          <\/div>\n        <\/div>\n      <\/div>\n    <\/section>\n    \n    \n    \n  \n<!-- AddThis Advanced Settings generic via filter on the_content --><!-- AddThis Share Buttons generic via filter on the_content -->","protected":false},"excerpt":{"rendered":"<p>F\u00f6retagets tidslinje 1969 F\u00f6retaget startades av Nore, med BMW-service som huvudverksamhet, fick under \u00e5ret f\u00f6rfr\u00e5gan om service p\u00e5 (ett p\u00e5 den tiden ganska ok\u00e4nt bilm\u00e4rke) TOYOTA, och blev d\u00e4rmed en av de allra f\u00f6rsta seviceverkst\u00e4derna i Sverige f\u00f6r japanska bilar. 1970 Flyttade till Skalbanksv\u00e4gen 6 E. 1972 Bengt kom in som del\u00e4gare. 1973 Lokalytan dubblas. &hellip; <a href=\"https:\/\/www.noresbilverkstad.se\/?page_id=1719\" class=\"more-link\">Continue reading<span class=\"screen-reader-text\"> &#8221;Historik&#8221;<\/span><\/a><!-- AddThis Advanced Settings generic via filter on wp_trim_excerpt --><!-- AddThis Share Buttons generic via filter on wp_trim_excerpt --><\/p>\n","protected":false},"author":1,"featured_media":0,"parent":0,"menu_order":0,"comment_status":"closed","ping_status":"open","template":"","meta":{"footnotes":""},"class_list":["post-1719","page","type-page","status-publish","hentry"],"_links":{"self":[{"href":"https:\/\/www.noresbilverkstad.se\/index.php?rest_route=\/wp\/v2\/pages\/1719","targetHints":{"allow":["GET"]}}],"collection":[{"href":"https:\/\/www.noresbilverkstad.se\/index.php?rest_route=\/wp\/v2\/pages"}],"about":[{"href":"https:\/\/www.noresbilverkstad.se\/index.php?rest_route=\/wp\/v2\/types\/page"}],"author":[{"embeddable":true,"href":"https:\/\/www.noresbilverkstad.se\/index.php?rest_route=\/wp\/v2\/users\/1"}],"replies":[{"embeddable":true,"href":"https:\/\/www.noresbilverkstad.se\/index.php?rest_route=%2Fwp%2Fv2%2Fcomments&post=1719"}],"version-history":[{"count":28,"href":"https:\/\/www.noresbilverkstad.se\/index.php?rest_route=\/wp\/v2\/pages\/1719\/revisions"}],"predecessor-version":[{"id":2030,"href":"https:\/\/www.noresbilverkstad.se\/index.php?rest_route=\/wp\/v2\/pages\/1719\/revisions\/2030"}],"wp:attachment":[{"href":"https:\/\/www.noresbilverkstad.se\/index.php?rest_route=%2Fwp%2Fv2%2Fmedia&parent=1719"}],"curies":[{"name":"wp","href":"https:\/\/api.w.org\/{rel}","templated":true}]}}