{"id":1627,"date":"2023-07-31T15:32:24","date_gmt":"2023-07-31T13:32:24","guid":{"rendered":"https:\/\/www.noresbilverkstad.se\/?page_id=1627"},"modified":"2023-08-14T13:56:10","modified_gmt":"2023-08-14T11:56:10","slug":"om-oss-kopia","status":"publish","type":"page","link":"https:\/\/www.noresbilverkstad.se\/?page_id=1627","title":{"rendered":"Om oss"},"content":{"rendered":"\n  \n    \n    <section class=\"u-clearfix u-lightbox u-palette-1-light-1 u-section-2\" id=\"sec-54ef\">\n      <div class=\"u-clearfix u-sheet u-valign-middle-lg u-valign-middle-md u-valign-middle-xl u-sheet-1\">\n        <div class=\"u-border-1 u-border-palette-1-base u-container-style u-custom-color-5 u-expanded-width u-group u-radius-5 u-shape-round u-group-1\">\n          <div class=\"u-container-layout u-valign-top u-container-layout-1\">\n            <div class=\"u-clearfix u-gutter-0 u-layout-wrap u-layout-wrap-1\">\n              <div class=\"u-layout\">\n                <div class=\"u-layout-row\">\n                  <div class=\"u-container-style u-layout-cell u-size-36 u-layout-cell-1\">\n                    <div class=\"u-container-layout u-container-layout-2\">\n                      <div class=\"fr-view u-clearfix u-rich-text u-text u-text-1\" data-lang-en=\"<h1 id=&quot;isPasted&quot;><span class=&quot;u-text-custom-color-2&quot; style=&quot;font-size: 3.75rem;&quot;>Om oss<\/span><\/h1><div style=&quot;box-sizing: border-box; position: relative; display: table; margin: 13px auto 0px 0px; pointer-events: initial; color: rgb(17, 17, 17); font-family: &amp;quot;Open Sans&amp;quot;, sans-serif; font-size: 16px; font-style: normal; font-variant-ligatures: normal; font-variant-caps: normal; font-weight: 400; letter-spacing: normal; orphans: 2; text-align: start; text-indent: 0px; text-transform: none; widows: 2; word-spacing: 0px; -webkit-text-stroke-width: 0px; white-space: normal; background-color: rgb(233, 242, 250); text-decoration-thickness: initial; text-decoration-style: initial; text-decoration-color: initial;&quot;><br><\/div><h2><span class=&quot;u-text-custom-color-2&quot; style=&quot;font-size: 1.875rem;&quot;>Vi \u00e4r auktoriserad verkstad f\u00f6r HONDA och SUBARU.<\/span><\/h2><p><span class=&quot;u-text-custom-color-2&quot;>Att vara auktoriserad verkstad inneb\u00e4r lite f\u00f6renklat att vi uppfyller de krav som tillverkaren och generalagenten st\u00e4ller p\u00e5 bland annat, utrustning och utbildning. Vi f\u00e5r tillg\u00e5ng till fordonsdata och teknisk support f\u00f6r att s\u00e5 snabbt som m\u00f6jligt kunna l\u00f6sa eventuella problem.<br>V\u00e5r verksamhet startade 1969 med BMW- och Toyotaservice. Just Toyotaservicen innebar att vi var bland de allra f\u00f6rsta i Sverige som jobbade med japanska bilar, vilket varit v\u00e5r huvudverksamhet sedan starten.<br>Vi har allts\u00e5 mer 30 \u00e5rs erfarenhet av \u201djapaner\u201d, n\u00e5got som g\u00f6r oss unika i de h\u00e4r sammanhangen och som vi \u00e4r stolta \u00f6ver.<\/span><\/p><p><span class=&quot;u-text-custom-color-2&quot;>Efter hand har verksamheten utvidgats med andra m\u00e4rken.&amp;nbsp;<\/span><\/p><h2><span class=&quot;u-text-custom-color-2&quot; style=&quot;font-size: 1.875rem;&quot;>Vad utm\u00e4rker oss och hur jobbar vi?<\/span><\/h2><p><span class=&quot;u-text-custom-color-2&quot;>V\u00e5r verksamhet bedrivs i \u00e4ndam\u00e5lsenliga lokaler, och vi \u00e4r modernt utrustade f\u00f6r att utf\u00f6ra kvalificerade arbeten. Kvalitet \u00e4r v\u00e5r ledstj\u00e4rna och \u00e4r n\u00e5got du kan f\u00f6rv\u00e4nta dig fr\u00e5n oss. Vi \u00e4r mycket m\u00e5na om att ha n\u00f6jda kunder, och du kan alltid lita p\u00e5 oss! Det g\u00e5r \u00e4ven att hyra en bil av oss vid reparation eller service.<\/span><\/p><p><span class=&quot;u-text-custom-color-2&quot;>Vi utf\u00f6r \u00e4ven hjulinst\u00e4llningar p\u00e5 i stort sett alla m\u00e4rken.<\/span><\/p><p><span class=&quot;u-text-custom-color-2&quot;>I samarbete med leverant\u00f6rer av kvalitetsvaror s\u00e4ljer vi bl.a. oljor och d\u00e4ck.<\/span><\/p><p><span class=&quot;u-text-custom-color-2&quot;>N\u00e4r Du beh\u00f6ver hj\u00e4lp med din bil, service, reservdelar, fr\u00e5gor, ring&amp;nbsp;<\/span><\/p><p style=&quot;text-align: center;&quot;><span class=&quot;u-text-custom-color-2&quot;><span style=&quot;font-size: 1.25rem; font-weight: 700;&quot;>0522 \u2013 37072<\/span>.<\/span><\/p><h2><span><span class=&quot;u-text-custom-color-2&quot; style=&quot;font-size: 1.875rem;&quot;>Vi som jobbar h\u00e4r<\/span><\/span><\/h2><ul><li><span class=&quot;u-text-custom-color-2&quot;><span style=&quot;font-weight: 700;&quot;>Peter Augustsson<\/span>: Service och reparationer, ocks\u00e5 specialist p\u00e5 bilelektronik.<\/span><\/li><li><span class=&quot;u-text-custom-color-2&quot;><span style=&quot;font-weight: 700;&quot;>Stefan Johannesson<\/span>: Junior technician.<\/span><\/li><li><span class=&quot;u-text-custom-color-2&quot;><span style=&quot;font-weight: 700;&quot;>Emma Olsson<\/span>: Kundmottagare, telefonkontakt och kontor.&amp;nbsp;<\/span><\/li><\/ul>\" data-lang-sv=\"<h1 id=&quot;isPasted&quot;><span class=&quot;u-text-custom-color-2&quot; style=&quot;font-size: 3.75rem;&quot;>Om oss<\/span><\/h1><div style=&quot;box-sizing: border-box; position: relative; display: table; margin: 13px auto 0px 0px; pointer-events: initial; color: rgb(17, 17, 17); font-family: &amp;quot;Open Sans&amp;quot;, sans-serif; font-size: 16px; font-style: normal; font-variant-ligatures: normal; font-variant-caps: normal; font-weight: 400; letter-spacing: normal; orphans: 2; text-align: start; text-indent: 0px; text-transform: none; widows: 2; word-spacing: 0px; -webkit-text-stroke-width: 0px; white-space: normal; background-color: rgb(233, 242, 250); text-decoration-thickness: initial; text-decoration-style: initial; text-decoration-color: initial;&quot;><br><\/div><h2><span class=&quot;u-text-custom-color-2&quot; style=&quot;font-size: 1.875rem;&quot;>Vi \u00e4r auktoriserad verkstad f\u00f6r HONDA och SUBARU.<\/span><\/h2><p><span class=&quot;u-text-custom-color-2&quot;>Att vara auktoriserad verkstad inneb\u00e4r lite f\u00f6renklat att vi uppfyller de krav som tillverkaren och generalagenten st\u00e4ller p\u00e5 bland annat, utrustning och utbildning. Vi f\u00e5r tillg\u00e5ng till fordonsdata och teknisk support f\u00f6r att s\u00e5 snabbt som m\u00f6jligt kunna l\u00f6sa eventuella problem.<br>V\u00e5r verksamhet startade 1969 med BMW- och Toyotaservice. Just Toyotaservicen innebar att vi var bland de allra f\u00f6rsta i Sverige som jobbade med japanska bilar, vilket varit v\u00e5r huvudverksamhet sedan starten.<br>Vi har allts\u00e5 mer 30 \u00e5rs erfarenhet av \u201djapaner\u201d, n\u00e5got som g\u00f6r oss unika i de h\u00e4r sammanhangen och som vi \u00e4r stolta \u00f6ver.<\/span><\/p><p><span class=&quot;u-text-custom-color-2&quot;>Efter hand har verksamheten utvidgats med andra m\u00e4rken.&amp;nbsp;<\/span><\/p><h2><span class=&quot;u-text-custom-color-2&quot; style=&quot;font-size: 1.875rem;&quot;>Vad utm\u00e4rker oss och hur jobbar vi?<\/span><\/h2><p><span class=&quot;u-text-custom-color-2&quot;>V\u00e5r verksamhet bedrivs i \u00e4ndam\u00e5lsenliga lokaler, och vi \u00e4r modernt utrustade f\u00f6r att utf\u00f6ra kvalificerade arbeten. Kvalitet \u00e4r v\u00e5r ledstj\u00e4rna och \u00e4r n\u00e5got du kan f\u00f6rv\u00e4nta dig fr\u00e5n oss. Vi \u00e4r mycket m\u00e5na om att ha n\u00f6jda kunder, och du kan alltid lita p\u00e5 oss! Det g\u00e5r \u00e4ven att hyra en bil av oss vid reparation eller service.<\/span><\/p><p><span class=&quot;u-text-custom-color-2&quot;>Vi utf\u00f6r \u00e4ven hjulinst\u00e4llningar p\u00e5 i stort sett alla m\u00e4rken.<\/span><\/p><p><span class=&quot;u-text-custom-color-2&quot;>I samarbete med leverant\u00f6rer av kvalitetsvaror s\u00e4ljer vi bl.a. oljor och d\u00e4ck.<\/span><\/p><p><span class=&quot;u-text-custom-color-2&quot;>N\u00e4r Du beh\u00f6ver hj\u00e4lp med din bil, service, reservdelar, fr\u00e5gor, ring&amp;nbsp;<\/span><\/p><p style=&quot;text-align: center;&quot;><span class=&quot;u-text-custom-color-2&quot;><span style=&quot;font-size: 1.25rem; font-weight: 700;&quot;>0522 \u2013 37072<\/span>.<\/span><\/p><h2><span><span class=&quot;u-text-custom-color-2&quot; style=&quot;font-size: 1.875rem;&quot;>Vi som jobbar h\u00e4r<\/span><\/span><\/h2><ul><li><span class=&quot;u-text-custom-color-2&quot;><span style=&quot;font-weight: 700;&quot;>Peter Augustsson<\/span>: Service och reparationer, ocks\u00e5 specialist p\u00e5 bilelektronik.<\/span><\/li><li><span class=&quot;u-text-custom-color-2&quot;><span style=&quot;font-weight: 700;&quot;>Stefan Johannesson<\/span>: Junior technician.<\/span><\/li><li><span class=&quot;u-text-custom-color-2&quot;><span style=&quot;font-weight: 700;&quot;>Emma Olsson<\/span>: Kundmottagare, telefonkontakt och kontor.&amp;nbsp;<\/span><\/li><\/ul>\">\n                        <h1 id=\"isPasted\">\n                          <span class=\"u-text-custom-color-2\" style=\"font-size: 3.75rem;\">\n                            <span class=\"u-custom-font\" style=\"font-family: Allura; font-weight: 700;\">Om oss<\/span>\n                          <\/span>\n                        <\/h1>\n                        <div style=\"box-sizing: border-box; position: relative; display: table; margin: 13px auto 0px 0px; pointer-events: initial; color: rgb(17, 17, 17); font-family: &quot;Open Sans&quot;, sans-serif; font-size: 16px; font-style: normal; font-variant-ligatures: normal; font-variant-caps: normal; font-weight: 400; letter-spacing: normal; orphans: 2; text-align: start; text-indent: 0px; text-transform: none; widows: 2; word-spacing: 0px; -webkit-text-stroke-width: 0px; white-space: normal; background-color: rgb(233, 242, 250); text-decoration-thickness: initial; text-decoration-style: initial; text-decoration-color: initial;\">\n                          <br>\n                        <\/div>\n                        <h2 style=\"line-height: 1;\">\n                          <span class=\"u-text-custom-color-2\" style=\"font-weight: 700; font-size: 2.25rem;\">Vi \u00e4r auktoriserad verkstad f\u00f6r&nbsp;<\/span>\n                          <span style=\"font-size: 2.25rem;\">\n                            <br>\n                          <\/span>\n                          <span class=\"u-text-custom-color-2\" style=\"font-weight: 700; font-size: 2.25rem;\">HONDA och SUBARU.<\/span>\n                        <\/h2>\n                        <p>\n                          <span class=\"u-text-custom-color-2\">Att vara auktoriserad verkstad inneb\u00e4r lite f\u00f6renklat att vi uppfyller de krav som tillverkaren och generalagenten st\u00e4ller p\u00e5 bland annat, utrustning och utbildning. Vi f\u00e5r tillg\u00e5ng till fordonsdata och teknisk support f\u00f6r att s\u00e5 snabbt som m\u00f6jligt kunna l\u00f6sa eventuella problem.<br>V\u00e5r verksamhet startade 1969 med BMW- och Toyotaservice. Just Toyotaservicen innebar att vi var bland de allra f\u00f6rsta i Sverige som jobbade med japanska bilar, vilket varit v\u00e5r huvudverksamhet sedan starten.<br>Vi har allts\u00e5 mer 30 \u00e5rs erfarenhet av \u201djapaner\u201d, n\u00e5got som g\u00f6r oss unika i de h\u00e4r sammanhangen och som vi \u00e4r stolta \u00f6ver.\n                          <\/span>\n                        <\/p>\n                        <p>\n                          <span class=\"u-text-custom-color-2\">Efter hand har verksamheten utvidgats med andra m\u00e4rken.&nbsp;<\/span>\n                        <\/p>\n                        <h2 style=\"line-height: 1;\">\n                          <span class=\"u-text-custom-color-2\" style=\"font-weight: 700; font-size: 2.25rem;\">Vad utm\u00e4rker oss och hur jobbar vi?<\/span>\n                        <\/h2>\n                        <p>\n                          <span class=\"u-text-custom-color-2\">V\u00e5r verksamhet bedrivs i \u00e4ndam\u00e5lsenliga lokaler, och vi \u00e4r modernt utrustade f\u00f6r att utf\u00f6ra kvalificerade arbeten. Kvalitet \u00e4r v\u00e5r ledstj\u00e4rna och \u00e4r n\u00e5got du kan f\u00f6rv\u00e4nta dig fr\u00e5n oss. Vi \u00e4r mycket m\u00e5na om att ha n\u00f6jda kunder, och du kan alltid lita p\u00e5 oss! Det g\u00e5r \u00e4ven att l\u00e5na en bil av oss vid reparation eller service.<\/span>\n                        <\/p>\n                        <p>\n                          <span class=\"u-text-custom-color-2\">I samarbete med leverant\u00f6rer av kvalitetsvaror s\u00e4ljer vi bl.a. oljor och d\u00e4ck.<\/span>\n                        <\/p>\n                        <p>\n                          <span class=\"u-text-custom-color-2\">N\u00e4r Du beh\u00f6ver hj\u00e4lp med din bil, service, reservdelar, fr\u00e5gor, ring&nbsp;<\/span>\n                        <\/p>\n                        <p style=\"text-align: center;\">\n                          <span class=\"u-text-custom-color-2\">\n                            <span style=\"font-size: 1.25rem; font-weight: 700;\">0522 \u2013 37072<\/span>.\n                          <\/span>\n                        <\/p>\n                      <\/div>\n                    <\/div>\n                  <\/div>\n                  <div class=\"u-container-style u-layout-cell u-size-24 u-layout-cell-2\">\n                    <div class=\"u-container-layout u-container-layout-3\">\n                      <img decoding=\"async\" class=\"u-border-1 u-border-custom-color-3 u-expanded-width-md u-expanded-width-sm u-expanded-width-xs u-image u-image-default u-image-1\" src=\"https:\/\/www.noresbilverkstad.se\/wp-content\/uploads\/2023\/06\/230628_0031.jpg\" alt=\"\" data-image-width=\"1140\" data-image-height=\"639\" data-lang-sv=\"\">\n                      <img decoding=\"async\" class=\"u-border-1 u-border-custom-color-3 u-expanded-width-md u-expanded-width-sm u-expanded-width-xs u-image u-image-default u-image-2\" src=\"https:\/\/www.noresbilverkstad.se\/wp-content\/uploads\/2023\/06\/230628_0020.jpg\" alt=\"\" data-image-width=\"1140\" data-image-height=\"639\" data-lang-sv=\"\">\n                    <\/div>\n                  <\/div>\n                <\/div>\n              <\/div>\n            <\/div>\n          <\/div>\n        <\/div>\n      <\/div>\n    <\/section>\n    \n    \n    \n  \n<!-- AddThis Advanced Settings generic via filter on the_content --><!-- AddThis Share Buttons generic via filter on the_content -->","protected":false},"excerpt":{"rendered":"<p>Om oss Vi \u00e4r auktoriserad verkstad f\u00f6r&nbsp; HONDA och SUBARU. Att vara auktoriserad verkstad inneb\u00e4r lite f\u00f6renklat att vi uppfyller de krav som tillverkaren och generalagenten st\u00e4ller p\u00e5 bland annat, utrustning och utbildning. Vi f\u00e5r tillg\u00e5ng till fordonsdata och teknisk support f\u00f6r att s\u00e5 snabbt som m\u00f6jligt kunna l\u00f6sa eventuella problem.V\u00e5r verksamhet startade 1969 med &hellip; <a href=\"https:\/\/www.noresbilverkstad.se\/?page_id=1627\" class=\"more-link\">Continue reading<span class=\"screen-reader-text\"> &#8221;Om oss&#8221;<\/span><\/a><!-- AddThis Advanced Settings generic via filter on wp_trim_excerpt --><!-- AddThis Share Buttons generic via filter on wp_trim_excerpt --><\/p>\n","protected":false},"author":1,"featured_media":0,"parent":0,"menu_order":0,"comment_status":"closed","ping_status":"open","template":"","meta":{"footnotes":""},"class_list":["post-1627","page","type-page","status-publish","hentry"],"_links":{"self":[{"href":"https:\/\/www.noresbilverkstad.se\/index.php?rest_route=\/wp\/v2\/pages\/1627","targetHints":{"allow":["GET"]}}],"collection":[{"href":"https:\/\/www.noresbilverkstad.se\/index.php?rest_route=\/wp\/v2\/pages"}],"about":[{"href":"https:\/\/www.noresbilverkstad.se\/index.php?rest_route=\/wp\/v2\/types\/page"}],"author":[{"embeddable":true,"href":"https:\/\/www.noresbilverkstad.se\/index.php?rest_route=\/wp\/v2\/users\/1"}],"replies":[{"embeddable":true,"href":"https:\/\/www.noresbilverkstad.se\/index.php?rest_route=%2Fwp%2Fv2%2Fcomments&post=1627"}],"version-history":[{"count":20,"href":"https:\/\/www.noresbilverkstad.se\/index.php?rest_route=\/wp\/v2\/pages\/1627\/revisions"}],"predecessor-version":[{"id":2039,"href":"https:\/\/www.noresbilverkstad.se\/index.php?rest_route=\/wp\/v2\/pages\/1627\/revisions\/2039"}],"wp:attachment":[{"href":"https:\/\/www.noresbilverkstad.se\/index.php?rest_route=%2Fwp%2Fv2%2Fmedia&parent=1627"}],"curies":[{"name":"wp","href":"https:\/\/api.w.org\/{rel}","templated":true}]}}